{"id":286,"date":"2016-10-31T13:17:59","date_gmt":"2016-10-31T16:17:59","guid":{"rendered":"https:\/\/ifdcvm-slu.infd.edu.ar\/sitio\/?page_id=286"},"modified":"2026-08-24T12:25:05","modified_gmt":"2026-08-24T15:25:05","slug":"inicio","status":"publish","type":"page","link":"https:\/\/ifdcvm-slu.infd.edu.ar\/sitio\/","title":{"rendered":"Inicio"},"content":{"rendered":"<h3 style=\"position: relative; text-align: center; border: 2px solid #000000; border-radius: 5px; background: #ffffff; padding: 10px;\"><span style=\"color: #ff0000;\">AHORA POD\u00c9S ACCEDER A LAS NOVEDADES INSTITUCIONALES EN NUESTRO NUEVO SITIO<\/span><\/h3>\n<h3 style=\"position: relative; text-align: center; border: 2px solid #000000; border-radius: 5px; background: #ffffff; padding: 10px;\"><a href=\"https:\/\/novedades.ifdcvm.edu.ar\">www.novedades.ifdcvm.edu.ar<\/a><\/h3>\n<div id=\"noticias\" style=\"position: relative; text-align: center; border: 5px solid #000000; border-radius: 9px; background: #ffffff; padding: 10px;\">\n<div class=\"row\">\n<div><style>.wp-show-posts-columns#wpsp-16425 {margin-left: -4em; }.wp-show-posts-columns#wpsp-16425 .wp-show-posts-inner {margin: 0 0 4em 4em; }<\/style><section id=\"wpsp-16425\" class=\" wp-show-posts-columns wp-show-posts\" style=\"\"><article class=\" wp-show-posts-single post-18417 post type-post status-publish format-standard has-post-thumbnail hentry category-sin-categoria wpsp-col-4\" itemtype=\"http:\/\/schema.org\/CreativeWork\" itemscope><div class=\"wp-show-posts-inner\" style=\"\">\t\t<div class=\"wp-show-posts-image  wpsp-image-center \">\n\t\t\t<a href=\"https:\/\/ifdcvm-slu.infd.edu.ar\/sitio\/oferta-educativa-2027\/\"  title=\"OFERTA EDUCATIVA 2027\">\t\t\t\t\t<img src=\"https:\/\/ifdcvm-slu.infd.edu.ar\/sitio\/wp-content\/uploads\/2026\/08\/Oferta_Educativa_2027-300x375.jpg\" alt=\"OFERTA EDUCATIVA 2027\" itemprop=\"image\" class=\"center\" \/>\n\t\t\t\t<\/a>\t\t<\/div>\n\t\t\t\t\t\t\t\t<header class=\"wp-show-posts-entry-header\">\n\t\t\t\t\t\t\t<p class=\"wp-show-posts-entry-title\" itemprop=\"headline\"><a href=\"https:\/\/ifdcvm-slu.infd.edu.ar\/sitio\/oferta-educativa-2027\/\" rel=\"bookmark\">OFERTA EDUCATIVA 2027<\/a><\/p><div class=\"wp-show-posts-entry-meta wp-show-posts-entry-meta-below-title post-meta-inline\"><span class=\"wp-show-posts-posted-on wp-show-posts-meta\">\n\t\t\t\t\t<a href=\"https:\/\/ifdcvm-slu.infd.edu.ar\/sitio\/oferta-educativa-2027\/\" title=\"8:43 am\" rel=\"bookmark\"><time class=\"wp-show-posts-entry-date published\" datetime=\"2026-08-26T08:43:40-03:00\" itemprop=\"datePublished\">26 agosto, 2026<\/time><time class=\"wp-show-posts-updated\" datetime=\"2026-08-26T08:44:18-03:00\" itemprop=\"dateModified\">26 agosto, 2026<\/time><\/a>\n\t\t\t\t<\/span><\/div>\t\t\t\t\t\t<\/header><!-- .entry-header -->\n\t\t\t\t\t\t\t\t\t\t\t<div class=\"wp-show-posts-entry-summary\" itemprop=\"text\">\n\t\t\t\t\t\t\t<p>&#x1f393;&#x2728; OFERTA EDUCATIVA 2027 |&#8230;<\/p>\n\t\t\t\t\t\t<\/div><!-- .entry-summary -->\n\t\t\t\t\t<div class=\"wpsp-read-more\"><a title=\"OFERTA EDUCATIVA 2027\" class=\"wp-show-posts-read-more\" href=\"https:\/\/ifdcvm-slu.infd.edu.ar\/sitio\/oferta-educativa-2027\/\">[M\u00e1s informaci\u00f3n]<\/a><\/div><\/div><!-- wp-show-posts-inner --><\/article><article class=\" wp-show-posts-single post-18365 post type-post status-publish format-standard has-post-thumbnail hentry category-sin-categoria wpsp-col-4\" itemtype=\"http:\/\/schema.org\/CreativeWork\" itemscope><div class=\"wp-show-posts-inner\" style=\"\">\t\t<div class=\"wp-show-posts-image  wpsp-image-center \">\n\t\t\t<a href=\"https:\/\/ifdcvm-slu.infd.edu.ar\/sitio\/horarios-de-cursada-2-cuatrimestre-2026\/\"  title=\"Horarios de cursada 2\u00b0 Cuatrimestre 2026\">\t\t\t\t\t<img src=\"https:\/\/ifdcvm-slu.infd.edu.ar\/sitio\/wp-content\/uploads\/2026\/07\/137-copia.png\" alt=\"Horarios de cursada 2\u00b0 Cuatrimestre 2026\" itemprop=\"image\" class=\"center\" \/>\n\t\t\t\t<\/a>\t\t<\/div>\n\t\t\t\t\t\t\t\t<header class=\"wp-show-posts-entry-header\">\n\t\t\t\t\t\t\t<p class=\"wp-show-posts-entry-title\" itemprop=\"headline\"><a href=\"https:\/\/ifdcvm-slu.infd.edu.ar\/sitio\/horarios-de-cursada-2-cuatrimestre-2026\/\" rel=\"bookmark\">Horarios de cursada 2\u00b0 Cuatrimestre 2026<\/a><\/p><div class=\"wp-show-posts-entry-meta wp-show-posts-entry-meta-below-title post-meta-inline\"><span class=\"wp-show-posts-posted-on wp-show-posts-meta\">\n\t\t\t\t\t<a href=\"https:\/\/ifdcvm-slu.infd.edu.ar\/sitio\/horarios-de-cursada-2-cuatrimestre-2026\/\" title=\"4:08 pm\" rel=\"bookmark\"><time class=\"wp-show-posts-entry-date published\" datetime=\"2026-07-29T16:08:19-03:00\" itemprop=\"datePublished\">29 julio, 2026<\/time><time class=\"wp-show-posts-updated\" datetime=\"2026-07-29T16:08:35-03:00\" itemprop=\"dateModified\">29 julio, 2026<\/time><\/a>\n\t\t\t\t<\/span><\/div>\t\t\t\t\t\t<\/header><!-- .entry-header -->\n\t\t\t\t\t\t\t\t\t\t\t<div class=\"wp-show-posts-entry-summary\" itemprop=\"text\">\n\t\t\t\t\t\t\t<p>&#x1f449;&#x1f3fb;Encontr\u00e1 los horarios de cursada&#8230;<\/p>\n\t\t\t\t\t\t<\/div><!-- .entry-summary -->\n\t\t\t\t\t<div class=\"wpsp-read-more\"><a title=\"Horarios de cursada 2\u00b0 Cuatrimestre 2026\" class=\"wp-show-posts-read-more\" href=\"https:\/\/ifdcvm-slu.infd.edu.ar\/sitio\/horarios-de-cursada-2-cuatrimestre-2026\/\">[M\u00e1s informaci\u00f3n]<\/a><\/div><\/div><!-- wp-show-posts-inner --><\/article><article class=\" wp-show-posts-single post-18387 post type-post status-publish format-standard has-post-thumbnail hentry category-sin-categoria wpsp-col-4\" itemtype=\"http:\/\/schema.org\/CreativeWork\" itemscope><div class=\"wp-show-posts-inner\" style=\"\">\t\t<div class=\"wp-show-posts-image  wpsp-image-center \">\n\t\t\t<a href=\"https:\/\/ifdcvm-slu.infd.edu.ar\/sitio\/conversatorio-siu-guarani\/\"  title=\"Conversatorio SIU Guaran\u00ed\">\t\t\t\t\t<img src=\"https:\/\/ifdcvm-slu.infd.edu.ar\/sitio\/wp-content\/uploads\/2026\/07\/1000020700-copia.png\" alt=\"Conversatorio SIU Guaran\u00ed\" itemprop=\"image\" class=\"center\" \/>\n\t\t\t\t<\/a>\t\t<\/div>\n\t\t\t\t\t\t\t\t<header class=\"wp-show-posts-entry-header\">\n\t\t\t\t\t\t\t<p class=\"wp-show-posts-entry-title\" itemprop=\"headline\"><a href=\"https:\/\/ifdcvm-slu.infd.edu.ar\/sitio\/conversatorio-siu-guarani\/\" rel=\"bookmark\">Conversatorio SIU Guaran\u00ed<\/a><\/p><div class=\"wp-show-posts-entry-meta wp-show-posts-entry-meta-below-title post-meta-inline\"><span class=\"wp-show-posts-posted-on wp-show-posts-meta\">\n\t\t\t\t\t<a href=\"https:\/\/ifdcvm-slu.infd.edu.ar\/sitio\/conversatorio-siu-guarani\/\" title=\"12:58 pm\" rel=\"bookmark\"><time class=\"wp-show-posts-entry-date published\" datetime=\"2026-07-31T12:58:25-03:00\" itemprop=\"datePublished\">31 julio, 2026<\/time><time class=\"wp-show-posts-updated\" datetime=\"2026-08-01T07:59:15-03:00\" itemprop=\"dateModified\">1 agosto, 2026<\/time><\/a>\n\t\t\t\t<\/span><\/div>\t\t\t\t\t\t<\/header><!-- .entry-header -->\n\t\t\t\t\t\t\t\t\t\t\t<div class=\"wp-show-posts-entry-summary\" itemprop=\"text\">\n\t\t\t\t\t\t\t<p>El Departamento de Alumnos&nbsp;invita a&#8230;<\/p>\n\t\t\t\t\t\t<\/div><!-- .entry-summary -->\n\t\t\t\t\t<div class=\"wpsp-read-more\"><a title=\"Conversatorio SIU Guaran\u00ed\" class=\"wp-show-posts-read-more\" href=\"https:\/\/ifdcvm-slu.infd.edu.ar\/sitio\/conversatorio-siu-guarani\/\">[M\u00e1s informaci\u00f3n]<\/a><\/div><\/div><!-- wp-show-posts-inner --><\/article><article class=\" wp-show-posts-single post-18383 post type-post status-publish format-standard has-post-thumbnail hentry category-alumnos category-institucionales category-noticias wpsp-col-4\" itemtype=\"http:\/\/schema.org\/CreativeWork\" itemscope><div class=\"wp-show-posts-inner\" style=\"\">\t\t<div class=\"wp-show-posts-image  wpsp-image-center \">\n\t\t\t<a href=\"https:\/\/ifdcvm-slu.infd.edu.ar\/sitio\/3-jornadas-estudiantiles-ser-estudiante-en-el-ifdc-vm\/\"  title=\"3\u00b0 Jornadas Estudiantiles &#8211; \u00abSer estudiante en el IFDC-VM\u00bb\">\t\t\t\t\t<img src=\"https:\/\/ifdcvm-slu.infd.edu.ar\/sitio\/wp-content\/uploads\/2026\/07\/1-copia.png\" alt=\"3\u00b0 Jornadas Estudiantiles &#8211; \u00abSer estudiante en el IFDC-VM\u00bb\" itemprop=\"image\" class=\"center\" \/>\n\t\t\t\t<\/a>\t\t<\/div>\n\t\t\t\t\t\t\t\t<header class=\"wp-show-posts-entry-header\">\n\t\t\t\t\t\t\t<p class=\"wp-show-posts-entry-title\" itemprop=\"headline\"><a href=\"https:\/\/ifdcvm-slu.infd.edu.ar\/sitio\/3-jornadas-estudiantiles-ser-estudiante-en-el-ifdc-vm\/\" rel=\"bookmark\">3\u00b0 Jornadas Estudiantiles &#8211; \u00abSer estudiante en el IFDC-VM\u00bb<\/a><\/p><div class=\"wp-show-posts-entry-meta wp-show-posts-entry-meta-below-title post-meta-inline\"><span class=\"wp-show-posts-posted-on wp-show-posts-meta\">\n\t\t\t\t\t<a href=\"https:\/\/ifdcvm-slu.infd.edu.ar\/sitio\/3-jornadas-estudiantiles-ser-estudiante-en-el-ifdc-vm\/\" title=\"9:03 am\" rel=\"bookmark\"><time class=\"wp-show-posts-entry-date published\" datetime=\"2026-07-31T09:03:22-03:00\" itemprop=\"datePublished\">31 julio, 2026<\/time><time class=\"wp-show-posts-updated\" datetime=\"2026-07-31T09:03:23-03:00\" itemprop=\"dateModified\">31 julio, 2026<\/time><\/a>\n\t\t\t\t<\/span><\/div>\t\t\t\t\t\t<\/header><!-- .entry-header -->\n\t\t\t\t\t\t\t\t\t\t\t<div class=\"wp-show-posts-entry-summary\" itemprop=\"text\">\n\t\t\t\t\t\t\t<p>&#x1f393;&#x2728; 3\u00b0 JORNADA ESTUDIANTIL: \u00abSer&#8230;<\/p>\n\t\t\t\t\t\t<\/div><!-- .entry-summary -->\n\t\t\t\t\t<div class=\"wpsp-read-more\"><a title=\"3\u00b0 Jornadas Estudiantiles &#8211; \u00abSer estudiante en el IFDC-VM\u00bb\" class=\"wp-show-posts-read-more\" href=\"https:\/\/ifdcvm-slu.infd.edu.ar\/sitio\/3-jornadas-estudiantiles-ser-estudiante-en-el-ifdc-vm\/\">[M\u00e1s informaci\u00f3n]<\/a><\/div><\/div><!-- wp-show-posts-inner --><\/article><article class=\" wp-show-posts-single post-18376 post type-post status-publish format-standard has-post-thumbnail hentry category-sin-categoria wpsp-col-4\" itemtype=\"http:\/\/schema.org\/CreativeWork\" itemscope><div class=\"wp-show-posts-inner\" style=\"\">\t\t<div class=\"wp-show-posts-image  wpsp-image-center \">\n\t\t\t<a href=\"https:\/\/ifdcvm-slu.infd.edu.ar\/sitio\/jornada-de-investigacion-educativa-2026\/\"  title=\"Jornada de Investigaci\u00f3n Educativa 2026\">\t\t\t\t\t<img src=\"https:\/\/ifdcvm-slu.infd.edu.ar\/sitio\/wp-content\/uploads\/2026\/07\/Jornadas-Investigacion_fl_1-copia.png\" alt=\"Jornada de Investigaci\u00f3n Educativa 2026\" itemprop=\"image\" class=\"center\" \/>\n\t\t\t\t<\/a>\t\t<\/div>\n\t\t\t\t\t\t\t\t<header class=\"wp-show-posts-entry-header\">\n\t\t\t\t\t\t\t<p class=\"wp-show-posts-entry-title\" itemprop=\"headline\"><a href=\"https:\/\/ifdcvm-slu.infd.edu.ar\/sitio\/jornada-de-investigacion-educativa-2026\/\" rel=\"bookmark\">Jornada de Investigaci\u00f3n Educativa 2026<\/a><\/p><div class=\"wp-show-posts-entry-meta wp-show-posts-entry-meta-below-title post-meta-inline\"><span class=\"wp-show-posts-posted-on wp-show-posts-meta\">\n\t\t\t\t\t<a href=\"https:\/\/ifdcvm-slu.infd.edu.ar\/sitio\/jornada-de-investigacion-educativa-2026\/\" title=\"3:57 pm\" rel=\"bookmark\"><time class=\"wp-show-posts-entry-date published\" datetime=\"2026-07-30T15:57:57-03:00\" itemprop=\"datePublished\">30 julio, 2026<\/time><time class=\"wp-show-posts-updated\" datetime=\"2026-07-30T18:11:46-03:00\" itemprop=\"dateModified\">30 julio, 2026<\/time><\/a>\n\t\t\t\t<\/span><\/div>\t\t\t\t\t\t<\/header><!-- .entry-header -->\n\t\t\t\t\t\t\t\t\t\t\t<div class=\"wp-show-posts-entry-summary\" itemprop=\"text\">\n\t\t\t\t\t\t\t<p>Equipo organizador: Comisi\u00f3n&nbsp;de investigaci\u00f3n 2026&#8230;<\/p>\n\t\t\t\t\t\t<\/div><!-- .entry-summary -->\n\t\t\t\t\t<div class=\"wpsp-read-more\"><a title=\"Jornada de Investigaci\u00f3n Educativa 2026\" class=\"wp-show-posts-read-more\" href=\"https:\/\/ifdcvm-slu.infd.edu.ar\/sitio\/jornada-de-investigacion-educativa-2026\/\">[M\u00e1s informaci\u00f3n]<\/a><\/div><\/div><!-- wp-show-posts-inner --><\/article><article class=\" wp-show-posts-single post-18369 post type-post status-publish format-standard has-post-thumbnail hentry category-sin-categoria wpsp-col-4\" itemtype=\"http:\/\/schema.org\/CreativeWork\" itemscope><div class=\"wp-show-posts-inner\" style=\"\">\t\t<div class=\"wp-show-posts-image  wpsp-image-center \">\n\t\t\t<a href=\"https:\/\/ifdcvm-slu.infd.edu.ar\/sitio\/5-llamado-a-concurso-docente-2026\/\"  title=\"5\u00b0 llamado a concurso DOCENTE 2026\">\t\t\t\t\t<img src=\"https:\/\/ifdcvm-slu.infd.edu.ar\/sitio\/wp-content\/uploads\/2026\/07\/5_llamado_concurso-copia.png\" alt=\"5\u00b0 llamado a concurso DOCENTE 2026\" itemprop=\"image\" class=\"center\" \/>\n\t\t\t\t<\/a>\t\t<\/div>\n\t\t\t\t\t\t\t\t<header class=\"wp-show-posts-entry-header\">\n\t\t\t\t\t\t\t<p class=\"wp-show-posts-entry-title\" itemprop=\"headline\"><a href=\"https:\/\/ifdcvm-slu.infd.edu.ar\/sitio\/5-llamado-a-concurso-docente-2026\/\" rel=\"bookmark\">5\u00b0 llamado a concurso DOCENTE 2026<\/a><\/p><div class=\"wp-show-posts-entry-meta wp-show-posts-entry-meta-below-title post-meta-inline\"><span class=\"wp-show-posts-posted-on wp-show-posts-meta\">\n\t\t\t\t\t<a href=\"https:\/\/ifdcvm-slu.infd.edu.ar\/sitio\/5-llamado-a-concurso-docente-2026\/\" title=\"2:36 pm\" rel=\"bookmark\"><time class=\"wp-show-posts-entry-date published\" datetime=\"2026-07-30T14:36:42-03:00\" itemprop=\"datePublished\">30 julio, 2026<\/time><time class=\"wp-show-posts-updated\" datetime=\"2026-07-30T14:36:44-03:00\" itemprop=\"dateModified\">30 julio, 2026<\/time><\/a>\n\t\t\t\t<\/span><\/div>\t\t\t\t\t\t<\/header><!-- .entry-header -->\n\t\t\t\t\t\t\t\t\t\t\t<div class=\"wp-show-posts-entry-summary\" itemprop=\"text\">\n\t\t\t\t\t\t\t<p>Resoluci\u00f3n Rectoral Cargo y horas&#8230;<\/p>\n\t\t\t\t\t\t<\/div><!-- .entry-summary -->\n\t\t\t\t\t<div class=\"wpsp-read-more\"><a title=\"5\u00b0 llamado a concurso DOCENTE 2026\" class=\"wp-show-posts-read-more\" href=\"https:\/\/ifdcvm-slu.infd.edu.ar\/sitio\/5-llamado-a-concurso-docente-2026\/\">[M\u00e1s informaci\u00f3n]<\/a><\/div><\/div><!-- wp-show-posts-inner --><\/article><article class=\" wp-show-posts-single post-18319 post type-post status-publish format-standard has-post-thumbnail hentry category-sin-categoria wpsp-col-4\" itemtype=\"http:\/\/schema.org\/CreativeWork\" itemscope><div class=\"wp-show-posts-inner\" style=\"\">\t\t<div class=\"wp-show-posts-image  wpsp-image-center \">\n\t\t\t<a href=\"https:\/\/ifdcvm-slu.infd.edu.ar\/sitio\/4-llamado-a-concurso-docente-2026\/\"  title=\"4\u00b0 llamado a concurso DOCENTE 2026\">\t\t\t\t\t<img src=\"https:\/\/ifdcvm-slu.infd.edu.ar\/sitio\/wp-content\/uploads\/2026\/07\/4to_llamado-copia.png\" alt=\"4\u00b0 llamado a concurso DOCENTE 2026\" itemprop=\"image\" class=\"center\" \/>\n\t\t\t\t<\/a>\t\t<\/div>\n\t\t\t\t\t\t\t\t<header class=\"wp-show-posts-entry-header\">\n\t\t\t\t\t\t\t<p class=\"wp-show-posts-entry-title\" itemprop=\"headline\"><a href=\"https:\/\/ifdcvm-slu.infd.edu.ar\/sitio\/4-llamado-a-concurso-docente-2026\/\" rel=\"bookmark\">4\u00b0 llamado a concurso DOCENTE 2026<\/a><\/p><div class=\"wp-show-posts-entry-meta wp-show-posts-entry-meta-below-title post-meta-inline\"><span class=\"wp-show-posts-posted-on wp-show-posts-meta\">\n\t\t\t\t\t<a href=\"https:\/\/ifdcvm-slu.infd.edu.ar\/sitio\/4-llamado-a-concurso-docente-2026\/\" title=\"12:20 pm\" rel=\"bookmark\"><time class=\"wp-show-posts-entry-date published\" datetime=\"2026-07-03T12:20:59-03:00\" itemprop=\"datePublished\">3 julio, 2026<\/time><time class=\"wp-show-posts-updated\" datetime=\"2026-07-30T14:16:21-03:00\" itemprop=\"dateModified\">30 julio, 2026<\/time><\/a>\n\t\t\t\t<\/span><\/div>\t\t\t\t\t\t<\/header><!-- .entry-header -->\n\t\t\t\t\t\t\t\t\t\t\t<div class=\"wp-show-posts-entry-summary\" itemprop=\"text\">\n\t\t\t\t\t\t\t<p>Resoluci\u00f3n Rectoral Cargo y horas&#8230;<\/p>\n\t\t\t\t\t\t<\/div><!-- .entry-summary -->\n\t\t\t\t\t<div class=\"wpsp-read-more\"><a title=\"4\u00b0 llamado a concurso DOCENTE 2026\" class=\"wp-show-posts-read-more\" href=\"https:\/\/ifdcvm-slu.infd.edu.ar\/sitio\/4-llamado-a-concurso-docente-2026\/\">[M\u00e1s informaci\u00f3n]<\/a><\/div><\/div><!-- wp-show-posts-inner --><\/article><article class=\" wp-show-posts-single post-18310 post type-post status-publish format-standard has-post-thumbnail hentry category-institucionales category-noticias wpsp-col-4\" itemtype=\"http:\/\/schema.org\/CreativeWork\" itemscope><div class=\"wp-show-posts-inner\" style=\"\">\t\t<div class=\"wp-show-posts-image  wpsp-image-center \">\n\t\t\t<a href=\"https:\/\/ifdcvm-slu.infd.edu.ar\/sitio\/curso-de-posgrado-pensar-en-movimiento\/\"  title=\"Curso de Posgrado: Pensar en Movimiento\">\t\t\t\t\t<img src=\"https:\/\/ifdcvm-slu.infd.edu.ar\/sitio\/wp-content\/uploads\/2026\/06\/curso_post_ifdc-copia.png\" alt=\"Curso de Posgrado: Pensar en Movimiento\" itemprop=\"image\" class=\"center\" \/>\n\t\t\t\t<\/a>\t\t<\/div>\n\t\t\t\t\t\t\t\t<header class=\"wp-show-posts-entry-header\">\n\t\t\t\t\t\t\t<p class=\"wp-show-posts-entry-title\" itemprop=\"headline\"><a href=\"https:\/\/ifdcvm-slu.infd.edu.ar\/sitio\/curso-de-posgrado-pensar-en-movimiento\/\" rel=\"bookmark\">Curso de Posgrado: Pensar en Movimiento<\/a><\/p><div class=\"wp-show-posts-entry-meta wp-show-posts-entry-meta-below-title post-meta-inline\"><span class=\"wp-show-posts-posted-on wp-show-posts-meta\">\n\t\t\t\t\t<a href=\"https:\/\/ifdcvm-slu.infd.edu.ar\/sitio\/curso-de-posgrado-pensar-en-movimiento\/\" title=\"7:35 am\" rel=\"bookmark\"><time class=\"wp-show-posts-entry-date published\" datetime=\"2026-06-24T07:35:08-03:00\" itemprop=\"datePublished\">24 junio, 2026<\/time><time class=\"wp-show-posts-updated\" datetime=\"2026-06-24T10:04:23-03:00\" itemprop=\"dateModified\">24 junio, 2026<\/time><\/a>\n\t\t\t\t<\/span><\/div>\t\t\t\t\t\t<\/header><!-- .entry-header -->\n\t\t\t\t\t\t\t\t\t\t\t<div class=\"wp-show-posts-entry-summary\" itemprop=\"text\">\n\t\t\t\t\t\t\t<p>DESTINADO A DOCENTES DEL IFDC&#8230;<\/p>\n\t\t\t\t\t\t<\/div><!-- .entry-summary -->\n\t\t\t\t\t<div class=\"wpsp-read-more\"><a title=\"Curso de Posgrado: Pensar en Movimiento\" class=\"wp-show-posts-read-more\" href=\"https:\/\/ifdcvm-slu.infd.edu.ar\/sitio\/curso-de-posgrado-pensar-en-movimiento\/\">[M\u00e1s informaci\u00f3n]<\/a><\/div><\/div><!-- wp-show-posts-inner --><\/article><article class=\" wp-show-posts-single post-18305 post type-post status-publish format-standard has-post-thumbnail hentry category-sin-categoria wpsp-col-4\" itemtype=\"http:\/\/schema.org\/CreativeWork\" itemscope><div class=\"wp-show-posts-inner\" style=\"\">\t\t<div class=\"wp-show-posts-image  wpsp-image-center \">\n\t\t\t<a href=\"https:\/\/ifdcvm-slu.infd.edu.ar\/sitio\/memorandum-academico-n2-cuadro-de-honor-institucional-2026\/\"  title=\"Memor\u00e1ndum acad\u00e9mico N\u00b02: Cuadro de Honor Institucional 2026\">\t\t\t\t\t<img src=\"https:\/\/ifdcvm-slu.infd.edu.ar\/sitio\/wp-content\/uploads\/2026\/06\/16-cuadro_de_honor-copia.png\" alt=\"Memor\u00e1ndum acad\u00e9mico N\u00b02: Cuadro de Honor Institucional 2026\" itemprop=\"image\" class=\"center\" \/>\n\t\t\t\t<\/a>\t\t<\/div>\n\t\t\t\t\t\t\t\t<header class=\"wp-show-posts-entry-header\">\n\t\t\t\t\t\t\t<p class=\"wp-show-posts-entry-title\" itemprop=\"headline\"><a href=\"https:\/\/ifdcvm-slu.infd.edu.ar\/sitio\/memorandum-academico-n2-cuadro-de-honor-institucional-2026\/\" rel=\"bookmark\">Memor\u00e1ndum acad\u00e9mico N\u00b02: Cuadro de Honor Institucional 2026<\/a><\/p><div class=\"wp-show-posts-entry-meta wp-show-posts-entry-meta-below-title post-meta-inline\"><span class=\"wp-show-posts-posted-on wp-show-posts-meta\">\n\t\t\t\t\t<a href=\"https:\/\/ifdcvm-slu.infd.edu.ar\/sitio\/memorandum-academico-n2-cuadro-de-honor-institucional-2026\/\" title=\"9:11 am\" rel=\"bookmark\"><time class=\"wp-show-posts-entry-date published\" datetime=\"2026-06-23T09:11:17-03:00\" itemprop=\"datePublished\">23 junio, 2026<\/time><time class=\"wp-show-posts-updated\" datetime=\"2026-06-23T09:11:18-03:00\" itemprop=\"dateModified\">23 junio, 2026<\/time><\/a>\n\t\t\t\t<\/span><\/div>\t\t\t\t\t\t<\/header><!-- .entry-header -->\n\t\t\t\t\t\t\t\t\t\t\t<div class=\"wp-show-posts-entry-summary\" itemprop=\"text\">\n\t\t\t\t\t\t\t<p>Memor\u00e1ndum Acad\u00e9mico N\u00b02: Cuadro de&#8230;<\/p>\n\t\t\t\t\t\t<\/div><!-- .entry-summary -->\n\t\t\t\t\t<div class=\"wpsp-read-more\"><a title=\"Memor\u00e1ndum acad\u00e9mico N\u00b02: Cuadro de Honor Institucional 2026\" class=\"wp-show-posts-read-more\" href=\"https:\/\/ifdcvm-slu.infd.edu.ar\/sitio\/memorandum-academico-n2-cuadro-de-honor-institucional-2026\/\">[M\u00e1s informaci\u00f3n]<\/a><\/div><\/div><!-- wp-show-posts-inner --><\/article><article class=\" wp-show-posts-single post-18291 post type-post status-publish format-standard has-post-thumbnail hentry category-sin-categoria wpsp-col-4\" itemtype=\"http:\/\/schema.org\/CreativeWork\" itemscope><div class=\"wp-show-posts-inner\" style=\"\">\t\t<div class=\"wp-show-posts-image  wpsp-image-center \">\n\t\t\t<a href=\"https:\/\/ifdcvm-slu.infd.edu.ar\/sitio\/jornadas-nacionales-la-convivencia-en-la-escuela-en-contextos-actuales\/\"  title=\"Jornadas Nacionales: La convivencia en la escuela en contextos actuales\">\t\t\t\t\t<img src=\"https:\/\/ifdcvm-slu.infd.edu.ar\/sitio\/wp-content\/uploads\/2026\/06\/redesA-copia-300x375.jpg\" alt=\"Jornadas Nacionales: La convivencia en la escuela en contextos actuales\" itemprop=\"image\" class=\"center\" \/>\n\t\t\t\t<\/a>\t\t<\/div>\n\t\t\t\t\t\t\t\t<header class=\"wp-show-posts-entry-header\">\n\t\t\t\t\t\t\t<p class=\"wp-show-posts-entry-title\" itemprop=\"headline\"><a href=\"https:\/\/ifdcvm-slu.infd.edu.ar\/sitio\/jornadas-nacionales-la-convivencia-en-la-escuela-en-contextos-actuales\/\" rel=\"bookmark\">Jornadas Nacionales: La convivencia en la escuela en contextos actuales<\/a><\/p><div class=\"wp-show-posts-entry-meta wp-show-posts-entry-meta-below-title post-meta-inline\"><span class=\"wp-show-posts-posted-on wp-show-posts-meta\">\n\t\t\t\t\t<a href=\"https:\/\/ifdcvm-slu.infd.edu.ar\/sitio\/jornadas-nacionales-la-convivencia-en-la-escuela-en-contextos-actuales\/\" title=\"6:12 pm\" rel=\"bookmark\"><time class=\"wp-show-posts-entry-date published\" datetime=\"2026-06-17T18:12:35-03:00\" itemprop=\"datePublished\">17 junio, 2026<\/time><time class=\"wp-show-posts-updated\" datetime=\"2026-06-22T07:25:38-03:00\" itemprop=\"dateModified\">22 junio, 2026<\/time><\/a>\n\t\t\t\t<\/span><\/div>\t\t\t\t\t\t<\/header><!-- .entry-header -->\n\t\t\t\t\t\t\t\t\t\t\t<div class=\"wp-show-posts-entry-summary\" itemprop=\"text\">\n\t\t\t\t\t\t\t<p>Resoluci\u00f3n N\u00b0 149-SDCDYFP-2026 CRONOGRAMA S\u00edntesis&#8230;<\/p>\n\t\t\t\t\t\t<\/div><!-- .entry-summary -->\n\t\t\t\t\t<div class=\"wpsp-read-more\"><a title=\"Jornadas Nacionales: La convivencia en la escuela en contextos actuales\" class=\"wp-show-posts-read-more\" href=\"https:\/\/ifdcvm-slu.infd.edu.ar\/sitio\/jornadas-nacionales-la-convivencia-en-la-escuela-en-contextos-actuales\/\">[M\u00e1s informaci\u00f3n]<\/a><\/div><\/div><!-- wp-show-posts-inner --><\/article><div class=\"wpsp-clear\"><\/div><\/section><!-- .wp-show-posts --><div class=\"wpsp-load-more\"><span aria-current=\"page\" class=\"page-numbers current\">1<\/span>\n<a class=\"page-numbers\" href=\"https:\/\/ifdcvm-slu.infd.edu.ar\/sitio\/wp-json\/wp\/v2\/pages\/286\/page\/2\/\">2<\/a>\n<span class=\"page-numbers dots\">&hellip;<\/span>\n<a class=\"page-numbers\" href=\"https:\/\/ifdcvm-slu.infd.edu.ar\/sitio\/wp-json\/wp\/v2\/pages\/286\/page\/83\/\">83<\/a>\n<a class=\"next page-numbers\" href=\"https:\/\/ifdcvm-slu.infd.edu.ar\/sitio\/wp-json\/wp\/v2\/pages\/286\/page\/2\/\">Siguiente &rarr;<\/a><\/div><\/div>\n<\/div>\n<\/div>\n<hr \/>\n<p style=\"text-align: center;\"><span style=\"font-family: 'Tahoma', Tahoma; font-size: 12pt;\">Este Instituto Superior de Formaci\u00f3n Docente forma parte del sistema de educaci\u00f3n p\u00fablica de gesti\u00f3n estatal.<\/span><\/p>\n<p style=\"text-align: center;\"><span style=\"font-family: 'Tahoma', Tahoma; font-size: 12pt;\" data-mce-mark=\"1\"><span style=\"color: black;\" data-mce-mark=\"1\">A trav\u00e9s de este sitio en Internet, nuestro Instituto podr\u00e1 comunicar novedades, acercar informaci\u00f3n, compartir experiencias y brindar apoyo y asesoramiento a alumnos, docentes e interesados en formar parte de esta comunidad educativa.\u00a0<\/span><span style=\"color: black;\" data-mce-mark=\"1\">Junto con varios cientos de Institutos, integramos la\u00a0<em><a href=\"http:\/\/red.infd.edu.ar\" target=\"_blank\" rel=\"noopener\">Red Virtual de Institutos Superiores de Formaci\u00f3n Docente<\/a><\/em>\u00a0coordinada por el INFD (Instituto Nacional de Formaci\u00f3n Docente) dependiente del Ministerio de Educaci\u00f3n de la Naci\u00f3n Argentina.<\/span><\/span><\/p>\n<hr \/>\n<p><!-- Global site tag (gtag.js) - Google Analytics\n<script async src=\"https:\/\/www.googletagmanager.com\/gtag\/js?id=UA-141803480-1\"><\/script>\n<script>\nwindow.dataLayer = window.dataLayer || [];\nfunction gtag(){dataLayer.push(arguments);}\ngtag('js', new Date());\n\ngtag('config', 'UA-141803480-1');\n<\/script> --><\/p>\n","protected":false},"excerpt":{"rendered":"<p>AHORA POD\u00c9S ACCEDER A LAS NOVEDADES INSTITUCIONALES EN NUESTRO NUEVO SITIO www.novedades.ifdcvm.edu.ar Este Instituto Superior de Formaci\u00f3n Docente forma parte del sistema de educaci\u00f3n p\u00fablica de gesti\u00f3n estatal. A trav\u00e9s de este sitio en Internet, nuestro Instituto podr\u00e1 comunicar novedades, acercar informaci\u00f3n, compartir experiencias y brindar apoyo y asesoramiento a alumnos, docentes e interesados en &#8230; <a title=\"Jornadas Nacionales: La convivencia en la escuela en contextos actuales\" class=\"read-more\" href=\"https:\/\/ifdcvm-slu.infd.edu.ar\/sitio\/jornadas-nacionales-la-convivencia-en-la-escuela-en-contextos-actuales\/\" aria-label=\"More on Jornadas Nacionales: La convivencia en la escuela en contextos actuales\">[+]<\/a><\/p>\n","protected":false},"author":1518,"featured_media":0,"parent":0,"menu_order":0,"comment_status":"closed","ping_status":"closed","template":"","meta":[],"acf":[],"_links":{"self":[{"href":"https:\/\/ifdcvm-slu.infd.edu.ar\/sitio\/wp-json\/wp\/v2\/pages\/286"}],"collection":[{"href":"https:\/\/ifdcvm-slu.infd.edu.ar\/sitio\/wp-json\/wp\/v2\/pages"}],"about":[{"href":"https:\/\/ifdcvm-slu.infd.edu.ar\/sitio\/wp-json\/wp\/v2\/types\/page"}],"author":[{"embeddable":true,"href":"https:\/\/ifdcvm-slu.infd.edu.ar\/sitio\/wp-json\/wp\/v2\/users\/1518"}],"replies":[{"embeddable":true,"href":"https:\/\/ifdcvm-slu.infd.edu.ar\/sitio\/wp-json\/wp\/v2\/comments?post=286"}],"version-history":[{"count":1450,"href":"https:\/\/ifdcvm-slu.infd.edu.ar\/sitio\/wp-json\/wp\/v2\/pages\/286\/revisions"}],"predecessor-version":[{"id":18416,"href":"https:\/\/ifdcvm-slu.infd.edu.ar\/sitio\/wp-json\/wp\/v2\/pages\/286\/revisions\/18416"}],"wp:attachment":[{"href":"https:\/\/ifdcvm-slu.infd.edu.ar\/sitio\/wp-json\/wp\/v2\/media?parent=286"}],"curies":[{"name":"wp","href":"https:\/\/api.w.org\/{rel}","templated":true}]}}