{"id":2873,"date":"2018-07-02T19:27:25","date_gmt":"2018-07-02T22:27:25","guid":{"rendered":"https:\/\/ifdcvm-slu.infd.edu.ar\/sitio\/formularios-generales\/"},"modified":"2026-03-04T09:01:00","modified_gmt":"2026-03-04T12:01:00","slug":"formularios-generales","status":"publish","type":"page","link":"https:\/\/ifdcvm-slu.infd.edu.ar\/sitio\/formularios-generales\/","title":{"rendered":"Direcci\u00f3n Administrativa &#8211; Formularios generales"},"content":{"rendered":"\n<p>Seleccione el archivo que necesita descargar en el formato requerido:<\/p>\n\n\n\n<figure class=\"wp-block-table\"><table><tbody><tr><td><strong>FORMULARIO<\/strong><\/td><td><strong>DESCRIPCI\u00d3N<\/strong><\/td><td class=\"has-text-align-center\" data-align=\"center\"><strong>FORMATO PDF<\/strong><\/td><td class=\"has-text-align-center\" data-align=\"center\"><strong>FORMATO WORD<\/strong><\/td><\/tr><tr><td>Asignaci\u00f3n familiar (para docentes)<\/td><td>Declaraci\u00f3n jurada de asignaciones familiares<\/td><td class=\"has-text-align-center\" data-align=\"center\"><a href=\"https:\/\/ifdcvm-slu.infd.edu.ar\/sitio\/wp-content\/uploads\/sitio\/Declaracion-Jurada-de-Asignaciones-Familiares-SALARIO.pdf\"><img decoding=\"async\" loading=\"lazy\" width=\"32\" height=\"32\" src=\"https:\/\/ifdcvm-slu.infd.edu.ar\/sitio\/wp-content\/uploads\/2018\/07\/icono_pdf.gif\" alt=\"\"><\/a><\/td><td class=\"has-text-align-center\" data-align=\"center\"><a href=\"https:\/\/ifdcvm-slu.infd.edu.ar\/sitio\/wp-content\/uploads\/sitio\/Declaracion-Jurada-de-Asignaciones-Familiares-SALARIO.doc\"><img decoding=\"async\" loading=\"lazy\" width=\"32\" height=\"32\" src=\"https:\/\/ifdcvm-slu.infd.edu.ar\/sitio\/wp-content\/uploads\/2019\/07\/word.png\" alt=\"\"><\/a><\/td><\/tr><tr><td>Comunicado de escolaridad<\/td><td>Escolaridad 2026<\/td><td class=\"has-text-align-center\" data-align=\"center\"><a href=\"https:\/\/ifdcvm-slu.infd.edu.ar\/sitio\/wp-content\/uploads\/2026\/03\/Escolaridad_2026.pdf\" data-type=\"URL\" data-id=\"https:\/\/ifdcvm-slu.infd.edu.ar\/sitio\/wp-content\/uploads\/2026\/03\/Escolaridad_2026.pdf\" target=\"_blank\" rel=\"noreferrer noopener\"><img decoding=\"async\" loading=\"lazy\" width=\"32\" height=\"32\" src=\"https:\/\/ifdcvm-slu.infd.edu.ar\/sitio\/wp-content\/uploads\/2018\/07\/icono_pdf.gif\" alt=\"\"><\/a><\/td><td class=\"has-text-align-center\" data-align=\"center\">&#8211;<\/td><\/tr><tr><td>DJ 01 (<em><strong>escalaf\u00f3n general<\/strong><\/em>)<\/td><td>Declaraci\u00f3n jurada de familiares a cargo. Formulario para ser completado por agentes del escalaf\u00f3n general.<\/td><td class=\"has-text-align-center\" data-align=\"center\"><a href=\"https:\/\/ifdcvm-slu.infd.edu.ar\/sitio\/wp-content\/uploads\/2019\/11\/DJ-01.pdf\"><img decoding=\"async\" loading=\"lazy\" width=\"32\" height=\"32\" src=\"https:\/\/ifdcvm-slu.infd.edu.ar\/sitio\/wp-content\/uploads\/2018\/07\/icono_pdf.gif\" alt=\"\"><\/a><\/td><td class=\"has-text-align-center\" data-align=\"center\">&#8211;<\/td><\/tr><tr><td>DJ 01 (<em><strong>docentes<\/strong><\/em>)<\/td><td>Declaraci\u00f3n jurada de familiares a cargo. Formulario para ser completado por docentes.<\/td><td class=\"has-text-align-center\" data-align=\"center\"><a href=\"https:\/\/ifdcvm-slu.infd.edu.ar\/sitio\/wp-content\/uploads\/2022\/05\/DJ-01-Docente0001.pdf\"><img decoding=\"async\" loading=\"lazy\" width=\"32\" height=\"32\" src=\"https:\/\/ifdcvm-slu.infd.edu.ar\/sitio\/wp-content\/uploads\/2018\/07\/icono_pdf.gif\" alt=\"\"><\/a><\/td><td class=\"has-text-align-center\" data-align=\"center\">&#8211;<\/td><\/tr><tr><td>DJ 02<\/td><td>Declaraci\u00f3n jurada de incompatibilidad VERSI\u00d3N 2026<\/td><td class=\"has-text-align-center\" data-align=\"center\"><a href=\"https:\/\/ifdcvm-slu.infd.edu.ar\/sitio\/wp-content\/uploads\/2026\/02\/Formulario-DJ-02-2026.pdf\" data-type=\"URL\" data-id=\"https:\/\/ifdcvm-slu.infd.edu.ar\/sitio\/wp-content\/uploads\/2026\/02\/Formulario-DJ-02-2026.pdf\" target=\"_blank\" rel=\"noreferrer noopener\"><img decoding=\"async\" loading=\"lazy\" width=\"32\" height=\"32\" src=\"https:\/\/ifdcvm-slu.infd.edu.ar\/sitio\/wp-content\/uploads\/2018\/07\/icono_pdf.gif\" alt=\"\"><\/a><\/td><td class=\"has-text-align-center\" data-align=\"center\">&#8211;<\/td><\/tr><tr><td>Formulario 4104<\/td><td>Licencia por maternidad<\/td><td class=\"has-text-align-center\" data-align=\"center\"><a href=\"https:\/\/ifdcvm-slu.infd.edu.ar\/sitio\/upload\/fORMULARIO_4104.pdf\"><img decoding=\"async\" loading=\"lazy\" width=\"32\" height=\"32\" src=\"https:\/\/ifdcvm-slu.infd.edu.ar\/sitio\/wp-content\/uploads\/2018\/07\/icono_pdf.gif\" alt=\"\"><\/a><\/td><td class=\"has-text-align-center\" data-align=\"center\">&#8211;<\/td><\/tr><tr><td>LD 02<\/td><td>Licencias &#8211; Mayor a 30 d\u00edas con designaci\u00f3n de suplente.<\/td><td class=\"has-text-align-center\" data-align=\"center\"><a href=\"https:\/\/ifdcvm-slu.infd.edu.ar\/sitio\/wp-content\/uploads\/upload\/LD-02_Form.pdf\"><img decoding=\"async\" loading=\"lazy\" width=\"32\" height=\"32\" src=\"https:\/\/ifdcvm-slu.infd.edu.ar\/sitio\/wp-content\/uploads\/2018\/07\/icono_pdf.gif\" alt=\"\"><\/a><\/td><td class=\"has-text-align-center\" data-align=\"center\">&#8211;<\/td><\/tr><tr><td>LR 01<\/td><td>Licencias &#8211; Menor a 30 d\u00edas sin designaci\u00f3n de suplente.<\/td><td class=\"has-text-align-center\" data-align=\"center\"><a href=\"https:\/\/ifdcvm-slu.infd.edu.ar\/sitio\/wp-content\/uploads\/2025\/03\/Form-LR01-CON-LOGO-NUEVO_marzo_2025.pdf\" data-type=\"URL\" data-id=\"https:\/\/ifdcvm-slu.infd.edu.ar\/sitio\/wp-content\/uploads\/2025\/03\/Form-LR01-CON-LOGO-NUEVO_marzo_2025.pdf\" target=\"_blank\" rel=\"noreferrer noopener\"><img decoding=\"async\" loading=\"lazy\" width=\"32\" height=\"32\" src=\"https:\/\/ifdcvm-slu.infd.edu.ar\/sitio\/wp-content\/uploads\/2018\/07\/icono_pdf.gif\" alt=\"\"><\/a><\/td><td class=\"has-text-align-center\" data-align=\"center\">&#8211;<\/td><\/tr><tr><td>TP 02<\/td><td>Toma de posesi\u00f3n &#8211; Reintegro &#8211; Cese<\/td><td class=\"has-text-align-center\" data-align=\"center\"><a href=\"https:\/\/ifdcvm-slu.infd.edu.ar\/sitio\/wp-content\/uploads\/upload\/TP-02_20Form.pdf\"><img decoding=\"async\" loading=\"lazy\" width=\"32\" height=\"32\" src=\"https:\/\/ifdcvm-slu.infd.edu.ar\/sitio\/wp-content\/uploads\/2018\/07\/icono_pdf.gif\" alt=\"\"><\/a><\/td><td class=\"has-text-align-center\" data-align=\"center\">&#8211;<\/td><\/tr><tr><td>DJ Interno<\/td><td>Declaraci\u00f3n jurada de cargos y actividades<\/td><td class=\"has-text-align-center\" data-align=\"center\">&#8211;<\/td><td class=\"has-text-align-center\" data-align=\"center\"><a href=\"https:\/\/ifdcvm-slu.infd.edu.ar\/sitio\/upload\/DJ-INTERNO.docx\"><img decoding=\"async\" loading=\"lazy\" width=\"32\" height=\"32\" src=\"https:\/\/ifdcvm-slu.infd.edu.ar\/sitio\/wp-content\/uploads\/2019\/07\/word.png\" alt=\"\"><\/a><\/td><\/tr><tr><td>FC<\/td><td>Formulario de compras<\/td><td class=\"has-text-align-center\" data-align=\"center\"><a href=\"https:\/\/ifdcvm-slu.infd.edu.ar\/sitio\/wp-content\/uploads\/upload\/FC-Formulariodecompra.pdf\"><img decoding=\"async\" loading=\"lazy\" width=\"32\" height=\"32\" src=\"https:\/\/ifdcvm-slu.infd.edu.ar\/sitio\/wp-content\/uploads\/2018\/07\/icono_pdf.gif\" alt=\"\"><\/a><\/td><td class=\"has-text-align-center\" data-align=\"center\"><a href=\"https:\/\/ifdcvm-slu.infd.edu.ar\/sitio\/wp-content\/uploads\/2021\/05\/FC-Formulariodecompra.docx\"><img decoding=\"async\" loading=\"lazy\" width=\"32\" height=\"32\" src=\"https:\/\/ifdcvm-slu.infd.edu.ar\/sitio\/wp-content\/uploads\/2019\/07\/word.png\" alt=\"\"><\/a><\/td><\/tr><tr><td>F 001<\/td><td>Compensaci\u00f3n<\/td><td class=\"has-text-align-center\" data-align=\"center\"><a href=\"https:\/\/ifdcvm-slu.infd.edu.ar\/sitio\/wp-content\/uploads\/2019\/10\/F-001-COMPENSACI\u00d3N.pdf\"><img decoding=\"async\" loading=\"lazy\" width=\"32\" height=\"32\" src=\"https:\/\/ifdcvm-slu.infd.edu.ar\/sitio\/wp-content\/uploads\/2018\/07\/icono_pdf.gif\" alt=\"\"><\/a><\/td><td class=\"has-text-align-center\" data-align=\"center\"><a href=\"https:\/\/drive.google.com\/file\/d\/1L_QCWlnX7zl5VW3mUS9MS8HOjH81ahD2\/view?usp=sharing\"><img decoding=\"async\" loading=\"lazy\" width=\"32\" height=\"32\" src=\"https:\/\/ifdcvm-slu.infd.edu.ar\/sitio\/wp-content\/uploads\/2021\/05\/ico_excel.png\" alt=\"\"><\/a><\/td><\/tr><tr><td>F 002<\/td><td>Horas a favor<\/td><td class=\"has-text-align-center\" data-align=\"center\"><a href=\"https:\/\/ifdcvm-slu.infd.edu.ar\/sitio\/wp-content\/uploads\/2019\/10\/F-002-HORAS-A-FAVOR.pdf\"><img decoding=\"async\" loading=\"lazy\" width=\"32\" height=\"32\" src=\"https:\/\/ifdcvm-slu.infd.edu.ar\/sitio\/wp-content\/uploads\/2018\/07\/icono_pdf.gif\" alt=\"\"><\/a><\/td><td class=\"has-text-align-center\" data-align=\"center\"><a href=\"https:\/\/drive.google.com\/file\/d\/1JL1H304X3qVCl7HYXMTbUHlT9Q7lwjUT\/view?usp=sharing\"><img decoding=\"async\" loading=\"lazy\" width=\"32\" height=\"32\" src=\"https:\/\/ifdcvm-slu.infd.edu.ar\/sitio\/wp-content\/uploads\/2021\/05\/ico_excel.png\" alt=\"\"><\/a><\/td><\/tr><tr><td>Formulario para vi\u00e1ticos<\/td><td>Planilla de vi\u00e1ticos dentro y fuera de la provincia<\/td><td class=\"has-text-align-center\" data-align=\"center\"><a href=\"https:\/\/ifdcvm-slu.infd.edu.ar\/sitio\/wp-content\/uploads\/2022\/08\/planilla_de_viaticos_dentro_y_fuera_de_la_provincia.pdf\"><img decoding=\"async\" loading=\"lazy\" width=\"32\" height=\"32\" src=\"https:\/\/ifdcvm-slu.infd.edu.ar\/sitio\/wp-content\/uploads\/2018\/07\/icono_pdf.gif\" alt=\"\"><\/a><\/td><td class=\"has-text-align-center\" data-align=\"center\">&#8211;<\/td><\/tr><\/tbody><\/table><\/figure>\n\n\n\n<p class=\"has-very-light-gray-to-cyan-bluish-gray-gradient-background has-background\">En el caso de no poder descargar alg\u00fan archivo, por favor comun\u00edquenos mediante el siguiente <a href=\"https:\/\/forms.gle\/KyacNgFjVLkrpqzt9\">formulario<\/a> o bien cont\u00e1ctese con direccionadministrativa@ifdcvm.edu.ar<\/p>\n","protected":false},"excerpt":{"rendered":"<p>Seleccione el archivo que necesita descargar en el formato requerido: FORMULARIO DESCRIPCI\u00d3N FORMATO PDF FORMATO WORD Asignaci\u00f3n familiar (para docentes) Declaraci\u00f3n jurada de asignaciones familiares Comunicado de escolaridad Escolaridad 2026 &#8211; DJ 01 (escalaf\u00f3n general) Declaraci\u00f3n jurada de familiares a cargo. Formulario para ser completado por agentes del escalaf\u00f3n general. &#8211; DJ 01 (docentes) Declaraci\u00f3n &#8230; <a title=\"Direcci\u00f3n Administrativa &#8211; Formularios generales\" class=\"read-more\" href=\"https:\/\/ifdcvm-slu.infd.edu.ar\/sitio\/formularios-generales\/\" aria-label=\"More on Direcci\u00f3n Administrativa &#8211; Formularios generales\">[+]<\/a><\/p>\n","protected":false},"author":1518,"featured_media":0,"parent":0,"menu_order":0,"comment_status":"closed","ping_status":"closed","template":"","meta":[],"acf":[],"_links":{"self":[{"href":"https:\/\/ifdcvm-slu.infd.edu.ar\/sitio\/wp-json\/wp\/v2\/pages\/2873"}],"collection":[{"href":"https:\/\/ifdcvm-slu.infd.edu.ar\/sitio\/wp-json\/wp\/v2\/pages"}],"about":[{"href":"https:\/\/ifdcvm-slu.infd.edu.ar\/sitio\/wp-json\/wp\/v2\/types\/page"}],"author":[{"embeddable":true,"href":"https:\/\/ifdcvm-slu.infd.edu.ar\/sitio\/wp-json\/wp\/v2\/users\/1518"}],"replies":[{"embeddable":true,"href":"https:\/\/ifdcvm-slu.infd.edu.ar\/sitio\/wp-json\/wp\/v2\/comments?post=2873"}],"version-history":[{"count":40,"href":"https:\/\/ifdcvm-slu.infd.edu.ar\/sitio\/wp-json\/wp\/v2\/pages\/2873\/revisions"}],"predecessor-version":[{"id":17623,"href":"https:\/\/ifdcvm-slu.infd.edu.ar\/sitio\/wp-json\/wp\/v2\/pages\/2873\/revisions\/17623"}],"wp:attachment":[{"href":"https:\/\/ifdcvm-slu.infd.edu.ar\/sitio\/wp-json\/wp\/v2\/media?parent=2873"}],"curies":[{"name":"wp","href":"https:\/\/api.w.org\/{rel}","templated":true}]}}