{"id":7688,"date":"2020-03-02T20:31:32","date_gmt":"2020-03-02T23:31:32","guid":{"rendered":"https:\/\/ifdcvm-slu.infd.edu.ar\/sitio\/?page_id=7688"},"modified":"2020-07-07T10:14:47","modified_gmt":"2020-07-07T13:14:47","slug":"ingresante-2020","status":"publish","type":"page","link":"https:\/\/ifdcvm-slu.infd.edu.ar\/sitio\/ingresante-2020\/","title":{"rendered":"Ingresante 2020"},"content":{"rendered":"<h1>Preguntas frecuentes:<\/h1>\n<h4>A continuaci\u00f3n te listamos una serie de preguntas frecuentes y su respuesta:<\/h4>\n<p><span class=\"JsGRdQ\">P. \u00bfA quien me dirijo por dudas sobre inscripci\u00f3n a materias y ex\u00e1menes?.\u00a0<\/span><strong>R: Ten\u00e9s que escribir a areaalumnosifdcvm@gmail.com o comunicarte v\u00eda <a href=\"https:\/\/www.facebook.com\/areaalumnosifdcvm\/\">Facebook a la p\u00e1gina del \u00c1rea de Alumnos<\/a><\/strong><\/p>\n<p>P. \u00bfA quien me dirijo si tengo consultas acerca de mi carrera, plan de estudios o materias? <strong>R: Pod\u00e9s comunicarte con los\/as coordinadores\/as de carrera:<\/strong><\/p>\n<p>A los efectos de brindar un marco institucional a las instancias evaluativas de ex\u00e1menes finales, se han creado aulas virtuales para cada profesorado, a las cuales se accede a trav\u00e9s del <strong>Cat\u00e1logo<\/strong>, en la categor\u00eda <strong>Mesas de Ex\u00e1menes<\/strong>. A continuaci\u00f3n, encontrar\u00e1n los nombres de las Aulas, sus administradores y el medio a trav\u00e9s del cual podr\u00e1n contactarse los alumnos de cada carrera y \u00e1rea, por cualquier duda referida a la carrera o \u00c1rea en particular.<\/p>\n<p><strong>Profesorado de Educaci\u00f3n Secundaria en Matem\u00e1tica<\/strong><br \/>\nNombre del Aula: ME Profesorado de Educaci\u00f3n Secundaria en Matem\u00e1tica<br \/>\nAdministrador: N\u00e9stor Galdeano<br \/>\nContacto: profesorado.ifdcvm@gmail.com (10 a 12 y 17 a 20)<\/p>\n<p><strong>Profesorado de Educaci\u00f3n Secundaria en Lengua y Literatura<\/strong><br \/>\nNombre del Aula: ME Profesorado de Educaci\u00f3n Secundaria en Lengua y Literatura<br \/>\nAdministradoras: Paula P\u00e9rez y Marcela Bonnet<br \/>\nContacto: prof.letras.ifdcvm@gmail.com<br \/>\nInstagram: LetrasIFDC.VM<\/p>\n<p><strong>Profesorado de Educaci\u00f3n Tecnol\u00f3gica<\/strong><br \/>\nNombre del Aula: ME Profesorado de Educaci\u00f3n Tecnol\u00f3gica<br \/>\nAdministrador\/a: Jos\u00e9 Funes y Marisa Puebla<br \/>\nContacto: coordinaci\u00f3n.p.ed.tecnologica@gmail.com (10 a 12 y de 14 a 16hs)<\/p>\n<p><strong>Profesorado de Artes Visuales<\/strong><br \/>\nNombre del Aula: ME Profesorado de Artes Visuales<br \/>\nAdministrador\/a: Javier Castillo y M\u00f3nica Zavala<br \/>\nContacto: comunicarse con el\/la Coordinador\/a Prof. Javier Castillo y Prof. M\u00f3nica Zavala<\/p>\n<p><strong>\u00c1rea de Formaci\u00f3n General<\/strong><br \/>\nNombre del Aula: ME \u00c1rea de Formaci\u00f3n General<br \/>\nAdministradoras: Yamila Villegas y Cecilia Mu\u00f1oz<br \/>\nFacebook: Formaci\u00f3n General IFDC-Villa Mercedes<\/p>\n<p><strong>Profesorado de M\u00fasica<\/strong><br \/>\nNombre del Aula: ME Profesorado de M\u00fasica<br \/>\nAdministradores: C\u00e9sar Guerberoff y Federico Echave<br \/>\nContacto: comunicarse con los Coordinadores Prof. Gueberoff y Prof. Echave<\/p>\n<p><strong>Profesorado de Educaci\u00f3n Primaria<\/strong><br \/>\nNombre del Aula: ME Profesorado de Educaci\u00f3n Primaria<br \/>\nAdministradores: Ver\u00f3nica Romero y Leticia Mass\u00f3n Contacto: edprimaria.academica@gmail.com<\/p>\n<p><strong>Tecnicatura Superior en Tecnolog\u00edas Industriales<\/strong><br \/>\nNombre del Aula: ME Tecnicatura Superior en Tecnolog\u00edas Industriales<br \/>\nAdministradores: Yamil Moncalero y Luis Mu\u00f1oz<br \/>\nContacto: tstiifdcvm@gmail.com<\/p>\n<p>Para ampliar esta informaci\u00f3n ver <a href=\"https:\/\/ifdcvm-slu.infd.edu.ar\/sitio\/wp-content\/uploads\/2020\/07\/Anexo-I.-Indicaciones-para-trabajar-en-las-Aulas-Virtuales-de-Ex\u00e1menes-IFDC-VM.pdf\">Anexo I<\/a> (indicaciones para trabajar en las aulas virtuales de ex\u00e1menes).<\/p>\n<p>P. \u00bfA qui\u00e9n me dirijo por dudas o consultas acerca del r\u00e9gimen acad\u00e9mico y el c\u00f3digo de convivencia institucional?. <strong>R: Ten\u00e9s que escribir a <span style=\"color: #0000ff;\">tutoriasmoniaguilera@gmail.com.<\/span><\/strong><\/p>\n<p>P. Tengo problemas para ingresar a las aulas virtuales \u00bfa qui\u00e9n me dirijo?<strong>. R: Deber\u00e1s ingresar a\u00a0<a href=\"http:\/\/ayuda.ifdcvm.edu.ar\">http:\/\/ayuda.ifdcvm.edu.ar<\/a>\u00a0y desde ah\u00ed abrir un nuevo ticket con tu consulta.<\/strong><\/p>\n<p>P. Necesito hacer una consulta o reclamo sobre situaciones acad\u00e9micas \u00bfa qui\u00e9n me dirijo?.<strong> R: Deb\u00e9s escribir a <span style=\"color: #0000ff;\">direccionacademica@ifdcvm.edu.ar<\/span>.<\/strong><\/p>\n<p>P. Tengo que comunicarme con el \u00c1rea de T\u00edtulos \u00bfa qui\u00e9n me dirijo?.<strong> R: Deb\u00e9s escribir a <span style=\"color: #0000ff;\">areatitulosifdcvm@ifdcvm.edu.ar.<\/span><\/strong><\/p>\n<p>P. \u00bfD\u00f3nde encuentro el R\u00e9gimen Acad\u00e9mico Instucional?. <strong>R: Lo encontr\u00e1s en este <a href=\"https:\/\/ifdcvm-slu.infd.edu.ar\/sitio\/upload\/rai2015.pdf\">link<\/a><\/strong>.<\/p>\n<p>P. \u00bfD\u00f3nde encuentro el R\u00e9gimen de Convivencia?. <strong>R: Lo encontr\u00e1s en este <a href=\"https:\/\/ifdcvm-slu.infd.edu.ar\/sitio\/wp-content\/uploads\/2020\/05\/Res.-Rec.N%C2%B0-126-C%C3%B3digo-de-procedimiento-transitorio-de-CONVIVENCIA.pdf\">link<\/a><\/strong>.<\/p>\n<hr \/>\n<h1>Cronograma de actividades 2020<\/h1>\n<h2>General:<\/h2>\n<p>Hacer clic en cada fecha para visualizar el cronograma correspondiente<\/p>\n<h2>\u00a0<a href=\"https:\/\/drive.google.com\/file\/d\/179ojS1x6PLZuy9MavlIQB_9Psx-pfDKY\/view?usp=sharing\" target=\"_blank\" rel=\"noopener\">del 2 al 6 de Marzo<\/a> \/ <a href=\"https:\/\/drive.google.com\/file\/d\/1QwvY1MlpmiKqr6OM9gpsMqFvlQ9LNkXm\/view?usp=sharing\" target=\"_blank\" rel=\"noopener\">del<span style=\"font-size: 16px;\">\u00a0<\/span>9 al 13 de marzo<\/a> \/ <a href=\"https:\/\/drive.google.com\/file\/d\/1W1t1jCjfN50B4PrchI-tqqouJI3HICVv\/view?usp=sharing\" target=\"_blank\" rel=\"noopener\">del 16 al 20 de marzo<\/a><\/h2>\n<p>&nbsp;<\/p>\n<h2><strong>PROFESORADOS:\u00a0<\/strong><\/h2>\n<p>Hacer clic en cada cronograma para visualizarlas<\/p>\n<ul>\n<li>\n<h4><span style=\"color: #993366;\">Profesorado de Educaci\u00f3n Tecnol\u00f3gica<\/span><\/h4>\n<\/li>\n<\/ul>\n<h2 style=\"text-align: center;\"><a href=\"https:\/\/drive.google.com\/file\/d\/1FEI9yoYgAQPdLVxKaYk8r7bIfC_wFVru\/view?usp=sharing\" target=\"_blank\" rel=\"noopener\"><strong>Cronograma 2020<\/strong><\/a><\/h2>\n<ul>\n<li>\n<h4><span style=\"color: #993366;\">Profesorado de Educaci\u00f3n Secundaria en Matem\u00e1ticas<\/span><\/h4>\n<\/li>\n<\/ul>\n<h2 style=\"text-align: center;\"><a href=\"https:\/\/drive.google.com\/file\/d\/1k8IblBlJW1-oRncb0b484oK0z4tPuUx_\/view?usp=sharing\" target=\"_blank\" rel=\"noopener\"><strong>Cronograma 2020<\/strong><\/a><\/h2>\n<ul>\n<li>\n<h4><span style=\"color: #993366;\">Profesorado de Educaci\u00f3n Secundaria\u00a0 de Lengua y Literatura<\/span><\/h4>\n<\/li>\n<\/ul>\n<h2 style=\"text-align: center;\"><a href=\"https:\/\/drive.google.com\/file\/d\/1VvlSfn_EkVFefRodlYQO6bROptkHw3-3\/view?usp=sharing\" target=\"_blank\" rel=\"noopener\"><strong>Cronograma 2020<\/strong><\/a><\/h2>\n<ul>\n<li>\n<h4><span style=\"color: #993366;\">Profesorado de Educaci\u00f3n Primaria<\/span><\/h4>\n<\/li>\n<\/ul>\n<h2 style=\"text-align: center;\"><a href=\"https:\/\/drive.google.com\/file\/d\/1DBtW4kWvNm0zT4t1QehCUfFTs7J9oSSS\/view?usp=sharing\" target=\"_blank\" rel=\"noopener\">Cronograma 2020<\/a><\/h2>\n<ul>\n<li>\n<h4><span style=\"color: #993366;\">Profesorado de M\u00fasica<\/span><\/h4>\n<\/li>\n<\/ul>\n<h2 style=\"text-align: center;\"><a href=\"https:\/\/drive.google.com\/file\/d\/1sQ8e8UVNqrWmuuJNAKYXYxJu72B4rYuE\/view?usp=sharing\" target=\"_blank\" rel=\"noopener\">Cronograma 2020<\/a><\/h2>\n<ul>\n<li>\n<h4><span style=\"color: #993366;\">Profesorado de Artes Visuales<\/span><\/h4>\n<\/li>\n<\/ul>\n<h2 style=\"text-align: center;\"><a href=\"https:\/\/drive.google.com\/file\/d\/1fbjf27WI8ERqgt1LzyoeMuLIaU8HwMfz\/view?usp=sharing\" target=\"_blank\" rel=\"noopener\">Cronograma 2020<\/a><\/h2>\n<p>&nbsp;<\/p>\n<p>&nbsp;<\/p>\n<h1><img decoding=\"async\" loading=\"lazy\" class=\"aligncenter wp-image-8606 size-full\" src=\"https:\/\/ifdcvm-slu.infd.edu.ar\/sitio\/wp-content\/uploads\/2020\/07\/arriba_cuadernillo.jpg\" alt=\"\" width=\"897\" height=\"385\" srcset=\"https:\/\/ifdcvm-slu.infd.edu.ar\/sitio\/wp-content\/uploads\/2020\/07\/arriba_cuadernillo.jpg 897w, https:\/\/ifdcvm-slu.infd.edu.ar\/sitio\/wp-content\/uploads\/2020\/07\/arriba_cuadernillo-768x330.jpg 768w\" sizes=\"(max-width: 897px) 100vw, 897px\" \/><\/h1>\n<h1>Cuadernillos introductorios 2020<\/h1>\n<ul>\n<li>\n<h4><span style=\"color: #993366;\">Profesorado de Educaci\u00f3n Tecnol\u00f3gica<\/span><\/h4>\n<\/li>\n<\/ul>\n<p style=\"text-align: center;\"><iframe loading=\"lazy\" src=\"https:\/\/drive.google.com\/file\/d\/1FdyXiZmfOM_FZH2lsSBMvH3sGVAxQ0e-\/preview\" width=\"640\" height=\"480\"><\/iframe><\/p>\n<h3 style=\"text-align: center;\"><a href=\"https:\/\/drive.google.com\/file\/d\/1FdyXiZmfOM_FZH2lsSBMvH3sGVAxQ0e-\/view?usp=sharing\" target=\"_blank\" rel=\"noopener\"><strong>Descargar cuadernillo<\/strong><\/a><\/h3>\n<ul>\n<li>\n<h4><span style=\"color: #993366;\">Profesorado de Educaci\u00f3n Secundaria en Matem\u00e1ticas<\/span><\/h4>\n<\/li>\n<\/ul>\n<h3 style=\"text-align: center;\"><iframe loading=\"lazy\" src=\"https:\/\/drive.google.com\/file\/d\/1DE9jc6WXL9-Pah0tjUR7Yl0j9NULxR2W\/preview\" width=\"640\" height=\"480\"><\/iframe><br \/>\n<strong>\u00a0<a href=\"https:\/\/drive.google.com\/file\/d\/1DE9jc6WXL9-Pah0tjUR7Yl0j9NULxR2W\/view?usp=sharing\" target=\"_blank\" rel=\"noopener\">Descargar cuadernillo<\/a><\/strong><\/h3>\n<ul>\n<li>\n<h4><span style=\"color: #993366;\">Profesorado de Educaci\u00f3n Secundaria\u00a0 de Lengua y Literatura<\/span><\/h4>\n<\/li>\n<\/ul>\n<p style=\"text-align: center;\"><iframe loading=\"lazy\" src=\"https:\/\/drive.google.com\/file\/d\/1IDPPr3kVIg1k7VKPNTTcVua0H5THGr-N\/preview\" width=\"640\" height=\"480\"><\/iframe><\/p>\n<h3 style=\"text-align: center;\"><a href=\"https:\/\/drive.google.com\/file\/d\/1IDPPr3kVIg1k7VKPNTTcVua0H5THGr-N\/view?usp=sharing\" target=\"_blank\" rel=\"noopener\">Descargar cuadernillo<\/a><\/h3>\n<ul>\n<li>\n<h4><strong><span style=\"color: #993366;\">Profesorado de M\u00fasica<\/span><\/strong><\/h4>\n<\/li>\n<\/ul>\n<p style=\"text-align: center;\"><iframe loading=\"lazy\" src=\"https:\/\/drive.google.com\/file\/d\/1r_KQtF8vSH9JscNmsGaSv1X_1mtXigaE\/preview\" width=\"640\" height=\"480\"><\/iframe><\/p>\n<h3 style=\"text-align: center;\"><a href=\"https:\/\/drive.google.com\/file\/d\/1r_KQtF8vSH9JscNmsGaSv1X_1mtXigaE\/view?usp=sharing\" target=\"_blank\" rel=\"noopener\">Descargar cuadernillo<\/a><\/h3>\n<ul>\n<li>\n<h4><span style=\"color: #993366;\"><strong>Profesorado de Artes Visuales<\/strong><\/span><\/h4>\n<\/li>\n<\/ul>\n<h3 style=\"text-align: center;\"><iframe loading=\"lazy\" src=\"https:\/\/drive.google.com\/file\/d\/1ejUEyWDXQ2hV9hsaHO2wnOZQ6whBVtql\/preview\" width=\"640\" height=\"480\"><\/iframe><br \/>\n<strong>\u00a0<a href=\"https:\/\/drive.google.com\/file\/d\/1ejUEyWDXQ2hV9hsaHO2wnOZQ6whBVtql\/view?usp=sharing\" target=\"_blank\" rel=\"noopener\">Descargar cuadernillo<\/a><\/strong><\/h3>\n<ul>\n<li>\n<h4><span style=\"color: #993366;\">Profesorado de Educaci\u00f3n Primaria<\/span><\/h4>\n<\/li>\n<\/ul>\n<p style=\"text-align: center;\"><iframe loading=\"lazy\" src=\"https:\/\/drive.google.com\/file\/d\/1SeN5LEVrgrgeUZXJEIuxacYYsSRPJxUr\/preview\" width=\"640\" height=\"480\"><\/iframe><\/p>\n<h3 style=\"text-align: center;\">\u00a0<a href=\"https:\/\/drive.google.com\/file\/d\/11WEzcXHXNs6CekjWZeuLGH-pinFWt18F\/view?usp=sharing\" target=\"_blank\" rel=\"noopener\">Descargar cuadernillo<\/a><\/h3>\n<ul>\n<li style=\"list-style-type: none;\">\n<ul>\n<li>\n<h4><span style=\"color: #993366;\"><strong>Tecnicatura Superior en Tecnolog\u00edas Industriales<\/strong><\/span><\/h4>\n<\/li>\n<\/ul>\n<\/li>\n<\/ul>\n<p style=\"text-align: center;\"><iframe loading=\"lazy\" src=\"https:\/\/drive.google.com\/file\/d\/12zsTO3lSXY30QIqqneYls3Nbh9OZmYin\/preview\" width=\"640\" height=\"480\"><\/iframe><\/p>\n<h3 style=\"text-align: center;\"><a href=\"https:\/\/drive.google.com\/file\/d\/12zsTO3lSXY30QIqqneYls3Nbh9OZmYin\/view?usp=sharing\" target=\"_blank\" rel=\"noopener\">Descargar cuadernillo<\/a><\/h3>\n","protected":false},"excerpt":{"rendered":"<p>Preguntas frecuentes: A continuaci\u00f3n te listamos una serie de preguntas frecuentes y su respuesta: P. \u00bfA quien me dirijo por dudas sobre inscripci\u00f3n a materias y ex\u00e1menes?.\u00a0R: Ten\u00e9s que escribir a areaalumnosifdcvm@gmail.com o comunicarte v\u00eda Facebook a la p\u00e1gina del \u00c1rea de Alumnos P. \u00bfA quien me dirijo si tengo consultas acerca de mi carrera, &#8230; <a title=\"Ingresante 2020\" class=\"read-more\" href=\"https:\/\/ifdcvm-slu.infd.edu.ar\/sitio\/ingresante-2020\/\" aria-label=\"More on Ingresante 2020\">[+]<\/a><\/p>\n","protected":false},"author":6496,"featured_media":0,"parent":0,"menu_order":0,"comment_status":"closed","ping_status":"closed","template":"","meta":[],"acf":[],"_links":{"self":[{"href":"https:\/\/ifdcvm-slu.infd.edu.ar\/sitio\/wp-json\/wp\/v2\/pages\/7688"}],"collection":[{"href":"https:\/\/ifdcvm-slu.infd.edu.ar\/sitio\/wp-json\/wp\/v2\/pages"}],"about":[{"href":"https:\/\/ifdcvm-slu.infd.edu.ar\/sitio\/wp-json\/wp\/v2\/types\/page"}],"author":[{"embeddable":true,"href":"https:\/\/ifdcvm-slu.infd.edu.ar\/sitio\/wp-json\/wp\/v2\/users\/6496"}],"replies":[{"embeddable":true,"href":"https:\/\/ifdcvm-slu.infd.edu.ar\/sitio\/wp-json\/wp\/v2\/comments?post=7688"}],"version-history":[{"count":30,"href":"https:\/\/ifdcvm-slu.infd.edu.ar\/sitio\/wp-json\/wp\/v2\/pages\/7688\/revisions"}],"predecessor-version":[{"id":8644,"href":"https:\/\/ifdcvm-slu.infd.edu.ar\/sitio\/wp-json\/wp\/v2\/pages\/7688\/revisions\/8644"}],"wp:attachment":[{"href":"https:\/\/ifdcvm-slu.infd.edu.ar\/sitio\/wp-json\/wp\/v2\/media?parent=7688"}],"curies":[{"name":"wp","href":"https:\/\/api.w.org\/{rel}","templated":true}]}}